{"id":3348,"date":"2023-01-17T20:46:18","date_gmt":"2023-01-17T18:46:18","guid":{"rendered":"https:\/\/kandeliabrai.com\/es-projektai\/"},"modified":"2023-01-17T20:50:20","modified_gmt":"2023-01-17T18:50:20","slug":"es-projekty","status":"publish","type":"page","link":"https:\/\/kandeliabrai.com\/ru\/es-projekty\/","title":{"rendered":"UAB \u201eKandeliabrai\u201c e. komercijos modelio diegimas"},"content":{"rendered":"<p class=\"p1\">UAB \u201eKandeliabrai\u201c \u012fgyvendina projekt\u0105 \u201eUAB Kandeliabrai e. komercijos modelio diegimas\u201c Nr. 13.1.1-LVPA-K-860-01-1218. Projektas yra dalinai finansuojamas i\u0161 Europos regionin\u0117s pl\u0117tros fondo, kaip Europos S\u0105jungos atsako \u012f COVID-19 pandemij\u0105 priemon\u0117, \u012fgyvendinant 2014-2020 met\u0173 Europos S\u0105jungos fond\u0173 investicij\u0173 veiksm\u0173 programos 13 prioriteto \u201eVeiksm\u0173, skirt\u0173 COVID-19 pandemijos sukeltai krizei \u012fveikti, skatinimas ir pasirengimas aplink\u0105 tausojan\u010diam, skaitmeniniam ir tvariam ekonomikos atsigavimui\u201c priemon\u0119 Nr. 13.1.1-LVPA-K-860 \u201eE. komercijos modelis COVID-19\u201c\u201c.<\/p>\n<p class=\"p1\">\u012egyvendinant \u0161\u012f projekt\u0105 norima sukurti elektroninio verslo model\u012f bei erdv\u0119, kuri stipriai palengvint\u0173 klientams i\u0161sirinkti, sukomplektuoti bei supakuoti norimas verslo dovanas pagal savo poreik\u012f \u0160iuo projektu siekiama \u012fdiegti informacines technologijas verslo sandoriams valdyti elektroniniu b\u016bdu, siekiant padidinti pajam\u0173 augim\u0105. \u012ediegus klient\u0173 savitarnos sprendimus, tikimasi, kad<span class=\"Apple-converted-space\">\u00a0 <\/span>\u012fmon\u0117 gal\u0117s pasiekti<span class=\"Apple-converted-space\">\u00a0 <\/span>kuo<span class=\"Apple-converted-space\">\u00a0 <\/span>geresni\u0173<span class=\"Apple-converted-space\">\u00a0 <\/span>darbo<span class=\"Apple-converted-space\">\u00a0 <\/span>rezultat\u0173<span class=\"Apple-converted-space\">\u00a0 <\/span>ir<span class=\"Apple-converted-space\">\u00a0 <\/span>u\u017etikrinti<span class=\"Apple-converted-space\">\u00a0 <\/span>kuo<span class=\"Apple-converted-space\">\u00a0 <\/span>didesn\u012f<span class=\"Apple-converted-space\">\u00a0 <\/span>pajam\u0173 augim\u0105. Planuojama i\u0161pl\u0117sti galim\u0173 pasi\u016blyti produkt\u0173 s\u0105ra\u0161\u0105, padidinti klient\u0173 rat\u0105, supaprastinti kliento keli\u0105 nuo u\u017esakymo iki produkt\u0173 pristatymo.<\/p>\n<p class=\"p1\">Projekto \u012fgyvendinimo metu planuojama sukurti elektronin\u0117s prekybos platform\u0105, kurioje bus \u012fdiegti klient\u0173 savitarnos sprendimai, \u012fskaitant u\u017esakym\u0173 valdymo sprendimus. Projektas finansuojamas i\u0161 Europos S\u0105jungos strukt\u016brini\u0173 fond\u0173 ir (arba) Lietuvos Respublikos valstyb\u0117s biud\u017eeto l\u0117\u0161\u0173.<\/p>\n<p class=\"p2\"><b><i>Projekto pavadinimas <\/i><\/b>\u2013 UAB Kandeliabrai e. komercijos modelio diegimas<\/p>\n<p class=\"p2\"><b><i>Projekto vykdytojas<\/i><\/b> \u2013 UAB Kandeliabrai<\/p>\n<p class=\"p2\"><b><i>Bendra projekto vert\u0117<\/i><\/b><i> <\/i>\u2013 58 200,00 Eur.<\/p>\n<p class=\"p2\"><b><i>I\u0161 Europos regionin\u0117s pl\u0117tros fondo projekto \u012fgyvendinimui skiriama iki <\/i><\/b>43\u00a0650,00 Eur.<\/p>\n<p class=\"p2\"><b><i>Projekto vykdymo prad\u017eia<\/i><\/b> \u2013 2021-09-02.<\/p>\n<p class=\"p2\"><b><i>Projekto vykdymo pabaiga<\/i><\/b> \u2013 2023-03-24.<\/p>\n","protected":false},"excerpt":{"rendered":"<p>UAB \u201eKandeliabrai\u201c \u012fgyvendina projekt\u0105 \u201eUAB Kandeliabrai e. komercijos modelio diegimas\u201c Nr. 13.1.1-LVPA-K-860-01-1218. Projektas yra dalinai finansuojamas i\u0161 Europos regionin\u0117s pl\u0117tros fondo, kaip Europos S\u0105jungos atsako \u012f COVID-19 pandemij\u0105 priemon\u0117, \u012fgyvendinant 2014-2020 met\u0173 Europos S\u0105jungos fond\u0173 investicij\u0173 veiksm\u0173 programos 13 prioriteto \u201eVeiksm\u0173, skirt\u0173 COVID-19 pandemijos sukeltai krizei \u012fveikti, skatinimas ir pasirengimas aplink\u0105 tausojan\u010diam, skaitmeniniam ir tvariam [&hellip;]<\/p>\n","protected":false},"author":1,"featured_media":0,"parent":0,"menu_order":0,"comment_status":"closed","ping_status":"closed","template":"","meta":{"inline_featured_image":false,"footnotes":""},"_links":{"self":[{"href":"https:\/\/kandeliabrai.com\/ru\/wp-json\/wp\/v2\/pages\/3348"}],"collection":[{"href":"https:\/\/kandeliabrai.com\/ru\/wp-json\/wp\/v2\/pages"}],"about":[{"href":"https:\/\/kandeliabrai.com\/ru\/wp-json\/wp\/v2\/types\/page"}],"author":[{"embeddable":true,"href":"https:\/\/kandeliabrai.com\/ru\/wp-json\/wp\/v2\/users\/1"}],"replies":[{"embeddable":true,"href":"https:\/\/kandeliabrai.com\/ru\/wp-json\/wp\/v2\/comments?post=3348"}],"version-history":[{"count":1,"href":"https:\/\/kandeliabrai.com\/ru\/wp-json\/wp\/v2\/pages\/3348\/revisions"}],"predecessor-version":[{"id":3349,"href":"https:\/\/kandeliabrai.com\/ru\/wp-json\/wp\/v2\/pages\/3348\/revisions\/3349"}],"wp:attachment":[{"href":"https:\/\/kandeliabrai.com\/ru\/wp-json\/wp\/v2\/media?parent=3348"}],"curies":[{"name":"wp","href":"https:\/\/api.w.org\/{rel}","templated":true}]}}